{"id":555,"date":"2018-09-10T16:47:09","date_gmt":"2018-09-10T14:47:09","guid":{"rendered":"https:\/\/www.groupebayard.com\/?page_id=555"},"modified":"2025-07-31T17:38:00","modified_gmt":"2025-07-31T15:38:00","slug":"presse","status":"publish","type":"page","link":"https:\/\/www.groupebayard.com\/fr\/explorer-nos-activites\/presse\/","title":{"rendered":"Presse"},"content":{"rendered":"<ul class=\"sous-menu-top\">\n<li><a href=\"#presse-quotidienne\">Presse quotidienne<\/a><\/li>\n<li><a href=\"#presse-magazine\">Presse magazine<\/a><\/li>\n<li><a href=\"#presse-jeunesse\">Presse jeunesse<\/a><\/li>\n<li><a href=\"#presse-internationale\">International<\/a><\/li>\n<\/ul>\n<div class=\"row\">\n<div class=\"col-md-10 offset-md-1 text-grisL\">\n<div id=\"presse-quotidienne\" class=\"titre-article mt-4 mb-2\">\n<h2 class=\"text-info\">Presse quotidienne<\/h2>\n<h5>Le quotidien <em>La Croix<\/em><\/h5>\n<\/div>\n<div class=\"row mb-4\">\n<div class=\"col-md-3 pb-3\"><img decoding=\"async\" class=\"wp-image-150046 alignleft\" src=\"https:\/\/www.groupebayard.com\/wp-content\/uploads\/miniature-Cx-site-groupe-273x300.png\" alt=\"\" width=\"272\" height=\"299\" srcset=\"https:\/\/www.groupebayard.com\/wp-content\/uploads\/miniature-Cx-site-groupe-273x300.png 273w, https:\/\/www.groupebayard.com\/wp-content\/uploads\/miniature-Cx-site-groupe-931x1024.png 931w, https:\/\/www.groupebayard.com\/wp-content\/uploads\/miniature-Cx-site-groupe-136x150.png 136w, https:\/\/www.groupebayard.com\/wp-content\/uploads\/miniature-Cx-site-groupe-768x845.png 768w, https:\/\/www.groupebayard.com\/wp-content\/uploads\/miniature-Cx-site-groupe.png 1000w\" sizes=\"(max-width: 272px) 100vw, 272px\" \/><\/div>\n<div class=\"col-md-9\">\n<p class=\"texte\"><em>La Croix<\/em>, <strong>quotidien national<\/strong> depuis 1883, propose une actualit\u00e9 qui conjugue information et convictions, une actualit\u00e9 qui ne d\u00e9sesp\u00e8re ni des hommes ni des \u00e9v\u00e9nements. <em>La Croix<\/em>, c\u2019est toute l\u2019actualit\u00e9 du monde d\u00e9clin\u00e9e en 5 grandes rubriques (France \u2013 Monde \u2013 \u00c9conomie \u2013 Religion \u2013 Culture). <em>La Croix,<\/em> c\u2019est aussi <a href=\"https:\/\/www.la-croix.com\/\" target=\"_blank\" rel=\"noopener noreferrer\">un site Web<\/a> et <a href=\"https:\/\/play.google.com\/store\/apps\/details?id=com.lacroix.mobile&amp;hl=fr\" target=\"_blank\" rel=\"noopener noreferrer\">une appli<\/a> aux contenus enrichis pour une actualit\u00e9 mise \u00e0 jour au fil de la journ\u00e9e et mise en lumi\u00e8re avec des formats multim\u00e9dias : infographies, vid\u00e9os, podcasts&#8230;<\/p>\n<p><em>La Croix,<\/em> c\u2019est encore :<\/p>\n<\/div>\n<\/div>\n<ul>\n<li>Un magazine hebdomadaire, <a href=\"https:\/\/www.groupebayard.com\/fr\/explorer-nos-activites\/presse\/#presse-magazine\"><em>La Croix L&rsquo;Hebdo<\/em><\/a>, \u00e0 retrouver chaque vendredi.<\/li>\n<li><em>La Croix Religion<\/em>, un service expert d\u2019informations et de documentation sur l\u2019actualit\u00e9 religieuse en France et dans le monde, qui propose notamment chaque ann\u00e9e un grand hors-s\u00e9rie papier sur l\u2019actualit\u00e9 religieuse de l\u2019ann\u00e9e \u00e9coul\u00e9e : <a href=\"https:\/\/librairie-bayard.com\/annee-des-religions-2022.html\" target=\"_blank\" rel=\"noopener noreferrer\">\u00ab\u00a0L\u2019Ann\u00e9e des religions\u00a0\u00bb<\/a>.<\/li>\n<li>des partenariats \u00e9v\u00e9nementiels et culturels, des voyages, des grands rendez-vous&#8230;<\/li>\n<li><a href=\"https:\/\/international.la-croix.com\/\" target=\"_blank\" rel=\"noopener noreferrer\">La Croix International<\/a>, l&rsquo;actualit\u00e9 religieuse en langue anglaise, <a href=\"https:\/\/es.la-croix.com\/\" target=\"_blank\" rel=\"noopener noreferrer\">La Croix en espagnol<\/a> et <a href=\"https:\/\/africa.la-croix.com\/\">La Croix Africa<\/a>, le site de l&rsquo;actualit\u00e9 religieuse en Afrique, en francais.<\/li>\n<li>De nombreux <a href=\"\/fr?page_id=3979\">podcasts<\/a>.<\/li>\n<\/ul>\n<p><a href=\"https:\/\/librairie-bayard.com\/s-abonner\/la-croix.html\" target=\"_blank\" rel=\"noopener noreferrer\">S\u2019abonner \u00e0 la Croix.<\/a><br \/>\n<a href=\"https:\/\/www.la-croix.com\/\">Vers le site La Croix.<\/a><\/p>\n<\/div>\n<\/div>\n<p><!-- presse magazine --><\/p>\n<div class=\"row\">\n<div class=\"col-md-10 offset-md-1 text-grisL\">\n<div id=\"presse-magazine\" class=\"titre-article mb-2\">\n<h2 class=\"text-info\">Presse magazine<\/h2>\n<h5><em>La Croix L&rsquo;Hebdo<\/em> : comprendre, vraiment.<\/h5>\n<\/div>\n<div class=\"row mb-4\">\n<div class=\"col-md-3 pb-3\"><img decoding=\"async\" class=\"wp-image-150055 size-medium alignleft\" src=\"https:\/\/www.groupebayard.com\/wp-content\/uploads\/La-Croix-lHebdo-nouvelle-formule-2024-222x300.png\" alt=\"\" width=\"222\" height=\"300\" srcset=\"https:\/\/www.groupebayard.com\/wp-content\/uploads\/La-Croix-lHebdo-nouvelle-formule-2024-222x300.png 222w, https:\/\/www.groupebayard.com\/wp-content\/uploads\/La-Croix-lHebdo-nouvelle-formule-2024-111x150.png 111w, https:\/\/www.groupebayard.com\/wp-content\/uploads\/La-Croix-lHebdo-nouvelle-formule-2024.png 600w\" sizes=\"(max-width: 222px) 100vw, 222px\" \/><\/div>\n<div class=\"col-md-9\">\n<p>Enracin\u00e9 dans les fondamentaux de <em>La Croix<\/em> (information de qualit\u00e9 et d\u2019esp\u00e9rance), cet hebdomadaire offre un espace apais\u00e9 dans le flot de l\u2019actualit\u00e9, pour comprendre les enjeux du monde et interroger comment nous le construisons.<\/p>\n<p><a href=\"https:\/\/hebdo.la-croix.com\/\"><em>La Croix L\u2019Hebdo<\/em><\/a> est un journal de convictions mais pas un espace ferm\u00e9 d\u2019opinions toutes faites. Un espace de d\u00e9bat, de conversation et de partage d\u2019exp\u00e9riences. Dans cet esprit, <em>La Croix l\u2019Hebdo<\/em> est un journal pour la route.<\/p>\n<\/div>\n<\/div>\n<h5><em>Le P\u00e8lerin<\/em>, l\u2019actu \u00e0 visage humain<\/h5>\n<div class=\"row mb-4\">\n<div class=\"col-md-3 pb-3\"><img decoding=\"async\" class=\"wp-image-150055 size-medium alignleft\" src=\"https:\/\/www.groupebayard.com\/wp-content\/uploads\/couverture-Pelerin-mars24.jpg\" alt=\"\" width=\"222\" height=\"300\"><\/div>\n<div class=\"col-md-9\">\n<p style=\"text-align: left;\"><em>Le P\u00e8lerin<\/em> cultive un journalisme de solutions et d\u2019esp\u00e9rance, g\u00e9n\u00e9reux et constructif, humaniste et libre de ton, il offre un regard chr\u00e9tien sur le monde. Enracin\u00e9 dans les r\u00e9gions, <em>Le P\u00e8lerin<\/em> privil\u00e9gie la rencontre avec ses lecteurs, il relie autant qu\u2019il informe. Avec ses journalistes sur le terrain, <em>Le P\u00e8lerin<\/em> offre des cl\u00e9s pour comprendre en profondeur l\u2019actualit\u00e9.<\/p>\n<p style=\"text-align: left;\"><em>Le P\u00e8lerin<\/em> n\u2019est pas seulement un journal, c\u2019est une exp\u00e9rience \u00e0 vivre : avec ses quatre cahiers th\u00e9matiques d\u00e9tachables, il accompagne les marcheurs, les amoureux d\u2019histoire et de patrimoine, les chr\u00e9tiens et chercheurs de sens, et ceux qui agissent dans nos r\u00e9gions pour rendre le monde plus habitable. <em>Le P\u00e8lerin<\/em> propose \u00e9galement plusieurs podcasts sur des sujets qui suivent sa ligne \u00e9ditoriale, \u00e0 d\u00e9couvrir d\u00e8s maintenant !<\/p>\n<p style=\"text-align: left;\"><a href=\"https:\/\/www.lepelerin.com\/la-librairie\/abonnement\">S&rsquo;abonner au <em>P\u00e8lerin<\/em>.<\/a><br \/>\n<a href=\"https:\/\/www.lepelerin.com\/\">Vers le site du <em>P\u00e8lerin<\/em>.<\/a><\/p>\n<\/div>\n<\/div>\n<h5><em>Prions en \u00c9glise<\/em>, le mensuel de la pri\u00e8re quotidienne<\/h5>\n<div class=\"row mb-4\">\n<div class=\"col-md-3 pb-3\"><img decoding=\"async\" class=\"wp-image-150055 size-medium alignleft\" src=\"https:\/\/www.groupebayard.com\/wp-content\/uploads\/couv-PEE-mai-2024.png\" alt=\"\" width=\"222\" height=\"150\"><\/div>\n<div class=\"col-md-9\">\n<p style=\"text-align: left;\">Chaque mois, un rendez-vous quotidien avec la parole de Dieu, un approfondissement des textes de la Bible pour mieux les prier, une lecture sainte pour chaque dimanche, une s\u00e9lection de belles pri\u00e8res et tout l&rsquo;ordinaire de la messe pour vivre et suivre la liturgie. <em>Prions en \u00c9glise<\/em> propose \u00e9galement \u00e0 ses lecteurs des <a href=\"\/fr?page_id=3979\">parcours audio<\/a> \u00e0 chaque grand moments du calendrier liturgique.<\/p>\n<p><strong>Et les magazines<\/strong> <em><a href=\"https:\/\/www.mondedelabible.com\/\" target=\"_blank\" rel=\"noopener noreferrer\">Le Monde de la Bible<\/a><\/em>, <em><a href=\"https:\/\/e-bayard-jeunesse.com\/abonnement-prions-en-eglise-junior-offre-speciale-amc.html?gclid=EAIaIQobChMIjeOgtfWL4QIVxeFRCh2c9g-BEAAYASAAEgLvEfD_BwE\" target=\"_blank\" rel=\"noopener noreferrer\">Prions en \u00c9glise Junior<\/a><\/em>, ainsi que les revues <a href=\"https:\/\/www.revue-etudes.com\/\" target=\"_blank\" rel=\"noopener noreferrer\">\u00c9tudes<\/a> et <a href=\"https:\/\/www.revue-christus.com\/\" target=\"_blank\" rel=\"noopener noreferrer\">Christus<\/a> avec la SER <a href=\"http:\/\/ser-sa.com\/\" target=\"_blank\" rel=\"noopener noreferrer\">(Soci\u00e9t\u00e9 d\u2019\u00c9dition de Revues)<\/a>.<\/p>\n<p><a href=\"https:\/\/librairie-bayard.com\/s-abonner.html\" target=\"_blank\" rel=\"noopener noreferrer\">Pour en savoir plus et s&rsquo;abonner !<\/a><\/p>\n<\/div>\n<\/div>\n<\/div>\n<\/div>\n<p><!-- Carousel SFS --><\/p>\n<div class=\"row appear-animation animated fadeInUpShorter appear-animation-visible\" style=\"background: url('\/wp-content\/uploads\/bg-slide.png') top right no-repeat; animation-delay: 1300ms;\" data-appear-animation=\"fadeInUpShorter\" data-appear-animation-delay=\"1300\">\n<div class=\"col\">\n<div class=\"owl-carousel owl-theme stage-margin custom-carousel-style-1 mb-0 owl-loaded owl-drag owl-carousel-init\" style=\"height: auto;\" data-plugin-options=\"{'items': 6, 'margin': 15, 'loop': false,'dots': false, 'nav': false, 'stagePadding': 0}\">\n<div class=\"owl-stage-outer\">\n<div class=\"owl-stage\" style=\"transform: translate3d(-416px, 0px, 0px); transition: 0s; width: 2576px; padding-left: 0px; padding-right: 0px;\">\n<div class=\"owl-item active\" style=\"width: 170px; margin-right: 15px;\"><img decoding=\"async\" class=\"img-fluid\" src=\"\/wp-content\/uploads\/Le-Pelerin-2.png\" alt=\"Le P\u00e8lerin\"><\/div>\n<div class=\"owl-item\" style=\"width: 170px; margin-right: 15px;\"><img decoding=\"async\" class=\"img-fluid\" src=\"\/wp-content\/uploads\/MBI-1.png\" alt=\"Le Monde de la Bible\"><\/div>\n<div class=\"owl-item\" style=\"width: 170px; margin-right: 15px;\"><img decoding=\"async\" class=\"img-fluid\" src=\"\/wp-content\/uploads\/Prions-en-Eglise-1.png\" alt=\"Prions en \u00c9glise\"><\/div>\n<div class=\"owl-item\" style=\"width: 170px; margin-right: 15px;\"><img decoding=\"async\" class=\"img-fluid\" src=\"\/wp-content\/uploads\/PRJ-1.png\" alt=\"Prions en \u00c9glise Junior\"><\/div>\n<div class=\"owl-item active\" style=\"width: 170px; margin-right: 15px;\"><img decoding=\"async\" class=\"img-fluid\" src=\"\/wp-content\/uploads\/Le-Pelerin-1.png\" alt=\"Le P\u00e8lerin\"><\/div>\n<div class=\"owl-item\" style=\"width: 170px; margin-right: 15px;\"><img decoding=\"async\" class=\"img-fluid\" src=\"\/wp-content\/uploads\/MBI-2.png\" alt=\"Le Monde de la Bible\"><\/div>\n<div class=\"owl-item\" style=\"width: 170px; margin-right: 15px;\"><img decoding=\"async\" class=\"img-fluid\" src=\"\/wp-content\/uploads\/Prions-en-Eglise-2.png\" alt=\"Prions en \u00c9glise\"><\/div>\n<div class=\"owl-item\" style=\"width: 170px; margin-right: 15px;\"><img decoding=\"async\" class=\"img-fluid\" src=\"\/wp-content\/uploads\/PRJ-2.png\" alt=\"Prions en \u00c9glise Junior\"><\/div>\n<\/div>\n<\/div>\n<\/div>\n<\/div>\n<div class=\"owl-nav\" style=\"z-index: 1500; width: 3rem; position: absolute; right: 0; top: 50%;\"><button class=\"owl-prev\" role=\"presentation\" type=\"button\"><\/button><br \/>\n<button class=\"owl-next\" role=\"presentation\" type=\"button\"><\/button><\/div>\n<\/div>\n<p><!-- fin carousel SFS --><\/p>\n<div class=\"row\">\n<div class=\"col-md-10 offset-md-1 text-grisL\">\n<h5><em>Notre Temps<\/em>, <em>Notre Temps Jeux<\/em> et <em>Notre Temps Sant\u00e9 et Bien-\u00catre<\/em><\/h5>\n<p>Lanc\u00e9 en 1968, <a href=\"https:\/\/www.notretemps.com\/\" target=\"_blank\" rel=\"noopener noreferrer\"><em>Notre Temps<\/em><\/a>, premier mensuel fran\u00e7ais*, propose chaque mois une mine d\u2019informations indispensables pour vivre pleinement une retraite dynamique et \u00e9panouie ! La marque Notre Temps r\u00e9unit chaque mois 4,8 millions de lecteurs et internautes fid\u00e8les au magazine et \u00e0 son site internet <a href=\"https:\/\/www.notretemps.com\/\" target=\"_blank\" rel=\"noopener noreferrer\">notretemps.com<\/a>. <em>Notre Temps<\/em> con\u00e7oit et publie des hors-s\u00e9rie th\u00e9matiques (Retraite &amp; Pensions, H\u00e9ritage &amp; Succession), des hors-s\u00e9rie pratiques (Guide de la retraite, Guide des d\u00e9marches administratives en ligne, collection \u00ab\u00a0Les essentiels\u00a0\u00bb), un mensuel de jeux <em>Notre Temps Jeux<\/em>, un Almanach annuel et \u00e9dite Les Ann\u00e9es-M\u00e9moire. Notre Temps a aussi lanc\u00e9 en 2021 <a href=\"https:\/\/boutique.notretemps.com\/notre-temps-sante-et-bien-etre.html\" target=\"_blank\" rel=\"noopener noreferrer\"><em>Notre Temps Sant\u00e9 et Bien-\u00catre<\/em><\/a>, un trimestriel qui accompagne les 55 ans et plus, hommes et femmes, d\u00e9sireux de pr\u00e9server leur sant\u00e9 et de rester en forme.<\/p>\n<p>Notre Temps, c\u2019est, de plus, un engagement fort dans la soci\u00e9t\u00e9 et une communaut\u00e9 de lecteurs fid\u00e8les avec des services d\u00e9di\u00e9s : <a href=\"https:\/\/www.notretemps.com\/loisirs\/actualites-loisirs\/heros-notre-temps,c1452\" target=\"_blank\" rel=\"noopener noreferrer\">le Prix des H\u00e9ros<\/a> met en lumi\u00e8re des associations, <a href=\"https:\/\/viensjetemmene.fr\" target=\"_blank\" rel=\"noopener noreferrer\">Viens je t\u2019emm\u00e8ne<\/a> favorise la solidarit\u00e9 interg\u00e9n\u00e9rationnelle et la lutte contre l\u2019isolement des a\u00een\u00e9s, Le Prix des Lecteurs r\u00e9compense le tout premier roman d\u2019un auteur de 50 ans et plus. Le magazine propose \u00e9galement des croisi\u00e8res et des s\u00e9jours organis\u00e9s par Rivages du monde. Enfin, Notre Temps a cr\u00e9\u00e9 le <a href=\"https:\/\/www.salondesseniors.com\/\" target=\"_blank\" rel=\"noopener\">Salon des Seniors<\/a>, le plus important salon grand public consacr\u00e9 aux plus de 50 ans, qui accueille plus de 40 000 visiteurs chaque ann\u00e9e.<\/p>\n<p>*Parmi les mensuels vendus en kiosque.<\/p>\n<p><strong>Des sites pour accompagner toutes les \u00e9tapes de la vie<\/strong><\/p>\n<p>Le site <a href=\"https:\/\/www.notretemps.com\/\" target=\"_blank\" rel=\"noopener noreferrer\">Notretemps.com<\/a>, visit\u00e9 chaque mois par plus de 2 millions de lecteurs qui viennent s&rsquo;informer sur l\u2019actualit\u00e9 de la sant\u00e9, chercher des conseils pratiques pour bien pr\u00e9parer leur retraite, pour rester en forme, manger sainement et profiter de la vie. <a href=\"https:\/\/www.notretemps.com\/\" target=\"_blank\" rel=\"noopener noreferrer\">Notretemps.com<\/a> est aussi un compagnon de jeu au quotidien avec ses centaines de grilles de mots fl\u00e9ch\u00e9s, de quiz, de tests, de jeux de m\u00e9moire. Sa newsletter, con\u00e7ue avec le plus grand soin par les experts de la r\u00e9daction, nourrie la curiosit\u00e9 insatiable de ses lecteurs. Elle est envoy\u00e9e 4 fois par semaine \u00e0 plus de 500 000 abonn\u00e9s.<\/p>\n<p><a href=\"https:\/\/www.enfant.com\/\" target=\"_blank\" rel=\"noopener noreferrer\">Enfant.com<\/a>, c\u2019est une mine d\u2019infos et de conseils de sp\u00e9cialistes&nbsp;pour les futurs et jeunes parents.<\/p>\n<p>\u00c9ducation, sant\u00e9, loisirs, cuisine&#8230; <a href=\"https:\/\/www.notrefamille.com\/\" target=\"_blank\" rel=\"noopener noreferrer\">Notrefamille.com<\/a>, c&rsquo;est le site qui accompagne les parents au quotidien.<\/p>\n<p><a href=\"https:\/\/www.notretemps.com\/\" target=\"_blank\" rel=\"noopener noreferrer\">Vers le site de <em>Notre Temps<\/em><\/a><br \/>\n<a href=\"https:\/\/boutique.notretemps.com\/\" target=\"_blank\" rel=\"noopener noreferrer\">S\u2019abonner \u00e0<em> Notre Temps<\/em><\/a><br \/>\n<a href=\"https:\/\/boutique.notretemps.com\/notre-temps-sante-et-bien-etre.html\" target=\"_blank\" rel=\"noopener noreferrer\">S&rsquo;abonner \u00e0 <em>Notre Temps Sant\u00e9 et Bien-\u00catre<\/em><\/a><\/p>\n<\/div>\n<\/div>\n<p><!-- Carousel Notre Temps --><\/p>\n<div class=\"row appear-animation animated fadeInUpShorter appear-animation-visible\" style=\"background: url('\/wp-content\/uploads\/bg-slide.png') top right no-repeat; animation-delay: 1300ms;\" data-appear-animation=\"fadeInUpShorter\" data-appear-animation-delay=\"1300\">\n<div class=\"col\">\n<div class=\"owl-carousel owl-theme stage-margin custom-carousel-style-1 mb-0 owl-loaded owl-drag owl-carousel-init\" style=\"height: auto;\" data-plugin-options=\"{'items': 6, 'margin': 15, 'loop': false,'dots': false, 'nav': false, 'stagePadding': 0}\">\n<div class=\"owl-stage-outer\">\n<div class=\"owl-stage\" style=\"transform: translate3d(-416px, 0px, 0px); transition: 0s; width: 2576px; padding-left: 0px; padding-right: 0px;\">\n<div class=\"owl-item active\" style=\"width: 170px; margin-right: 15px;\"><img decoding=\"async\" class=\"img-fluid\" src=\"\/wp-content\/uploads\/Notre-Temps-NF.png\" alt=\"Notre Temps\"><\/div>\n<div class=\"owl-item\" style=\"width: 170px; margin-right: 15px;\"><img decoding=\"async\" class=\"img-fluid\" src=\"\/wp-content\/uploads\/Notre-Temps-NF-SBE.png\" alt=\"Notre Temps Sant\u00e9 et Bien-\u00catre\"><\/div>\n<div class=\"owl-item\" style=\"width: 170px; margin-right: 15px;\"><img decoding=\"async\" class=\"img-fluid\" src=\"\/wp-content\/uploads\/Notre-Temps-NF-Jeux.png\" alt=\"Notre Temps Jeux\"><\/div>\n<div class=\"owl-item\" style=\"width: 170px; margin-right: 15px;\"><img decoding=\"async\" class=\"img-fluid\" src=\"\/wp-content\/uploads\/Notre-Temps-NF-HS.png\" alt=\"Notre Temps - Hors-s\u00e9rie Cahier de vacances\"><\/div>\n<div class=\"owl-item\" style=\"width: 170px; margin-right: 15px;\"><img decoding=\"async\" class=\"img-fluid\" src=\"\/wp-content\/uploads\/Notre-Temps-NF-HS3.png\" alt=\"Hors-s\u00e9rie Notre Temps Droits\"><\/div>\n<div class=\"owl-item\" style=\"width: 170px; margin-right: 15px;\"><img decoding=\"async\" class=\"img-fluid\" src=\"\/wp-content\/uploads\/Notre-Temps-NF-HS2.png\" alt=\"Notre Temps - Le guide Internet\"><\/div>\n<div class=\"owl-item\" style=\"width: 170px; margin-right: 15px;\"><img decoding=\"async\" class=\"img-fluid\" src=\"\/wp-content\/uploads\/Notre-Temps-NF-HS4.png\" alt=\"Notre Temps - Hors-s\u00e9rie Quiz et connaissances\"><\/div>\n<\/div>\n<\/div>\n<\/div>\n<\/div>\n<div class=\"owl-nav\" style=\"z-index: 1500; width: 3rem; position: absolute; right: 0; top: 50%;\"><button class=\"owl-prev\" role=\"presentation\" type=\"button\"><\/button><br \/>\n<button class=\"owl-next\" role=\"presentation\" type=\"button\"><\/button><\/div>\n<\/div>\n<p><!-- fin carousel Notre temps --><\/p>\n<p><!-- presse jeunesse --><\/p>\n<div class=\"row\">\n<div class=\"col-md-10 offset-md-1 text-grisL\">\n<div id=\"presse-jeunesse\" class=\"titre-article mt-4 mb-2 text-info\">\n<h2 class=\"text-info\">Presse jeunesse<\/h2>\n<\/div>\n<p>\u00c0 chaque \u00e2ge son magazine ! En France, <a href=\"https:\/\/www.bayard-jeunesse.com\/\" target=\"_blank\" rel=\"noopener noreferrer\">Bayard Jeunesse<\/a> et <a href=\"https:\/\/www.milanpresse.com\/\" target=\"_blank\" rel=\"noopener noreferrer\">Milan<\/a> proposent plus de 40 magazines, pour les lecteurs de 1 an \u00e0 18 ans (10 millions de jeunes lecteurs chaque mois, 1,3 million d\u2019abonn\u00e9s en France). Des magazines pour imaginer, rire, comprendre et r\u00e9fl\u00e9chir. Des magazines qui accompagnent les enfants et adolescents dans leur vie de tous les jours, les aident \u00e0 bien grandir en leur donnant le go\u00fbt de lire, l&rsquo;app\u00e9tit de comprendre et la soif de s&rsquo;ouvrir au monde. Dans un autre format mais toujours avec les m\u00eames intentions, Bayard Jeunesse et Milan proposent une large s\u00e9lection de <a href=\"https:\/\/www.bayard-jeunesse.com\/infos\/les-podcasts-de-bayard-jeunesse\/\" data-wplink-edit=\"true\">podcasts<\/a> !<\/p>\n<p><a href=\"https:\/\/e-bayard-jeunesse.com\/\" target=\"_blank\" rel=\"noopener noreferrer\">S\u2019abonner aux magazines Bayard<\/a>.<br \/>\n<a href=\"https:\/\/milan-jeunesse.com\/\" target=\"_blank\" rel=\"noopener noreferrer\">S\u2019abonner aux magazines Milan<\/a>.<\/p>\n<\/div>\n<\/div>\n<p><!-- Carousel Jeunesse --><\/p>\n<div class=\"row appear-animation animated fadeInUpShorter appear-animation-visible\" style=\"background: url('\/wp-content\/uploads\/bg-slide.png') top right no-repeat; animation-delay: 1300ms;\" data-appear-animation=\"fadeInUpShorter\" data-appear-animation-delay=\"1300\">\n<div class=\"col\">\n<div class=\"owl-carousel owl-theme stage-margin custom-carousel-style-1 mb-0 owl-loaded owl-drag owl-carousel-init\" style=\"height: auto;\" data-plugin-options=\"{'items': 6, 'margin': 15, 'loop': false,'dots': false, 'nav':false, 'stagePadding': 0, 'slideBy': 6}\">\n<div class=\"owl-stage-outer\">\n<div class=\"owl-stage\" style=\"transform: translate3d(-416px, 0px, 0px); transition: 0s; width: 2576px; padding-left: 0px; padding-right: 0px;\">\n<div class=\"owl-item active\" style=\"width: 170px; margin-right: 15px;\"><img decoding=\"async\" class=\"img-fluid\" src=\"\/wp-content\/uploads\/2024-logo-Bayard-jeunesse.png\" alt=\"Bayard Jeunesse\"><\/div>\n<div class=\"owl-item active\" style=\"width: 170px; margin-right: 15px;\"><img decoding=\"async\" class=\"img-fluid\" src=\"\/wp-content\/uploads\/Pomme-dApi.png\" alt=\"Pomme d'Api\"><\/div>\n<div class=\"owl-item\" style=\"width: 170px; margin-right: 15px;\"><img decoding=\"async\" class=\"img-fluid\" src=\"\/wp-content\/uploads\/Jaime-Lire.png\" alt=\"J'aime lire\"><\/div>\n<div class=\"owl-item\" style=\"width: 170px; margin-right: 15px;\"><img decoding=\"async\" class=\"img-fluid\" src=\"\/wp-content\/uploads\/Images-Doc.png\" alt=\"Images Doc\"><\/div>\n<div class=\"owl-item\" style=\"width: 170px; margin-right: 15px;\"><img decoding=\"async\" class=\"img-fluid\" src=\"\/wp-content\/uploads\/Monsieur-Madame.png\" alt=\"Monsieur Madame\"><\/div>\n<div class=\"owl-item\" style=\"width: 170px; margin-right: 15px;\"><img decoding=\"async\" class=\"img-fluid\" src=\"\/wp-content\/uploads\/Astrapi.png\" alt=\"Astrapi\"><\/div>\n<div class=\"owl-item\" style=\"width: 170px; margin-right: 15px;\"><img decoding=\"async\" class=\"img-fluid\" src=\"\/wp-content\/uploads\/Okapi.png\" alt=\"Okapi\"><\/div>\n<div class=\"owl-item\" style=\"width: 170px; margin-right: 15px;\"><img decoding=\"async\" class=\"img-fluid\" src=\"\/wp-content\/uploads\/Phosphore.png\" alt=\"Phosphore\"><\/div>\n<div class=\"owl-item\" style=\"width: 170px; margin-right: 15px;\"><img decoding=\"async\" class=\"img-fluid\" src=\"\/wp-content\/uploads\/Je-Bouquine.png\" alt=\"Je Bouquine\"><\/div>\n<div class=\"owl-item\" style=\"width: 170px; margin-right: 15px;\"><img decoding=\"async\" class=\"img-fluid\" src=\"\/wp-content\/uploads\/2024-logo-milan.png\" alt=\"Milan\"><\/div>\n<div class=\"owl-item\" style=\"width: 170px; margin-right: 15px;\"><img decoding=\"async\" class=\"img-fluid\" src=\"\/wp-content\/uploads\/Babille.png\" alt=\"Babille\"><\/div>\n<div class=\"owl-item\" style=\"width: 170px; margin-right: 15px;\"><img decoding=\"async\" class=\"img-fluid\" src=\"\/wp-content\/uploads\/Toupie.png\" alt=\"Toupie\"><\/div>\n<div class=\"owl-item\" style=\"width: 170px; margin-right: 15px;\"><img decoding=\"async\" class=\"img-fluid\" src=\"\/wp-content\/uploads\/Wakou.png\" alt=\"Wakou\"><\/div>\n<div class=\"owl-item\" style=\"width: 170px; margin-right: 15px;\"><img decoding=\"async\" class=\"img-fluid\" src=\"\/wp-content\/uploads\/Toboggan.png\" alt=\"Toboggan\"><\/div>\n<div class=\"owl-item\" style=\"width: 170px; margin-right: 15px;\"><img decoding=\"async\" class=\"img-fluid\" src=\"\/wp-content\/uploads\/1jou1actu.png\" alt=\"1 jour, 1 actu\"><\/div>\n<div class=\"owl-item\" style=\"width: 170px; margin-right: 15px;\"><img decoding=\"async\" class=\"img-fluid\" src=\"\/wp-content\/uploads\/Manon.png\" alt=\"Manon\"><\/div>\n<div class=\"owl-item\" style=\"width: 170px; margin-right: 15px;\"><img decoding=\"async\" class=\"img-fluid\" src=\"\/wp-content\/uploads\/Curionautes.png\" alt=\"Curionautes\"><\/div>\n<div class=\"owl-item\" style=\"width: 170px; margin-right: 15px;\"><img decoding=\"async\" class=\"img-fluid\" src=\"\/wp-content\/uploads\/Les-Petits-Mythos.png\" alt=\"Les Petits Mythos\"><\/div>\n<\/div>\n<\/div>\n<\/div>\n<\/div>\n<div class=\"owl-nav\" style=\"z-index: 1500; width: 3rem; position: absolute; right: 0; top: 50%;\"><button class=\"owl-prev\" role=\"presentation\" type=\"button\"><\/button><br \/>\n<button class=\"owl-next\" role=\"presentation\" type=\"button\"><\/button><\/div>\n<\/div>\n<p><!-- fin carousel Jeunesse --><\/p>\n<p><!-- presse internationale --><\/p>\n<div class=\"row\">\n<div class=\"col-md-10 offset-md-1 text-grisL\">\n<div id=\"presse-internationale\" class=\"titre-article mt-4 mb-2 text-info\">\n<h2 class=\"text-info\">Presse internationale<\/h2>\n<\/div>\n<p>Bayard est un \u00e9diteur jeunesse europ\u00e9en de r\u00e9f\u00e9rence en Espagne (<a href=\"https:\/\/www.bayard-revistas.com\/\" target=\"_blank\" rel=\"noopener noreferrer\">Bayard Revistas<\/a>), en Allemagne (<a href=\"https:\/\/www.sailer-verlag.de\/\" target=\"_blank\" rel=\"noopener noreferrer\">Sailer<\/a>) et en Belgique (Bayard &amp; Milan).<\/p>\n<p>Le groupe Bayard est aussi pr\u00e9sent :<\/p>\n<ul>\n<li>en Am\u00e9rique du Nord (\u00c9tats-Unis et Canada) sur le public chr\u00e9tien (<a href=\"http:\/\/www.novalis.ca\/\" target=\"_blank\" rel=\"noopener noreferrer\">Novalis<\/a>, <a href=\"https:\/\/www.poeticpower.com\/\" target=\"_blank\" rel=\"noopener noreferrer\">Creative Communication<\/a>, <a href=\"https:\/\/www.pflaum.com\/\" target=\"_blank\" rel=\"noopener noreferrer\">Pflaum<\/a>), mais aussi jeunesse (<a href=\"https:\/\/www.owlkids.com\/\" target=\"_blank\" rel=\"noopener noreferrer\">Owlkids<\/a>, <a href=\"http:\/\/www.bayardcanada.ca\/project\/bld\/\" target=\"_blank\" rel=\"noopener noreferrer\">bld Publications<\/a>, <a href=\"http:\/\/www.bayardcanada.ca\/project\/bayard-jeunesse\/\" target=\"_blank\" rel=\"noopener noreferrer\">Bayard Jeunesse Canada<\/a>);<\/li>\n<li>en Asie (Chine, Philippines), en tant qu&rsquo;\u00e9diteur de presse jeunesse et religieuse ;<\/li>\n<li>et en Afrique avec Prions en \u00c9glise.<\/li>\n<\/ul>\n<p><a href=\"https:\/\/www.groupebayard.com\/fr\/decouvrir-bayard\/nos-implantations\/\">Consulter la carte de nos implantations.<\/a><\/p>\n<\/div>\n<\/div>\n<p><!-- Carousel Presse internationale --><\/p>\n<div class=\"row appear-animation animated fadeInUpShorter appear-animation-visible\" style=\"background: url('\/wp-content\/uploads\/bg-slide.png') top right no-repeat; animation-delay: 1300ms;\" data-appear-animation=\"fadeInUpShorter\" data-appear-animation-delay=\"1300\">\n<div class=\"col\">\n<div class=\"owl-carousel owl-theme stage-margin custom-carousel-style-1 mb-0 owl-loaded owl-drag owl-carousel-init\" style=\"height: auto;\" data-plugin-options=\"{'items': 6, 'margin': 15, 'loop': true,'dots': false, 'nav': false, 'stagePadding': 0}\">\n<div class=\"owl-stage-outer\">\n<div class=\"owl-stage\" style=\"transform: translate3d(-416px, 0px, 0px); transition: 0s; width: 2576px; padding-left: 0px; padding-right: 0px;\">\n<div class=\"owl-item active\" style=\"width: 170px; margin-right: 15px;\"><img decoding=\"async\" class=\"img-fluid\" src=\"\/wp-content\/uploads\/01-international-discovery.png\" alt=\"Discovery\"><\/div>\n<div class=\"owl-item active\" style=\"width: 170px; margin-right: 15px;\"><img decoding=\"async\" class=\"img-fluid\" src=\"\/wp-content\/uploads\/02-international-Adventure-box.png\" alt=\"Adevnture Box\"><\/div>\n<div class=\"owl-item\" style=\"width: 170px; margin-right: 15px;\"><img decoding=\"async\" class=\"img-fluid\" src=\"\/wp-content\/uploads\/03-international-little-toy-car.png\" alt=\"Little Toy Car\"><\/div>\n<div class=\"owl-item\" style=\"width: 170px; margin-right: 15px;\"><img decoding=\"async\" class=\"img-fluid\" src=\"\/wp-content\/uploads\/04-international-chickadee.png\" alt=\"Chickadee\"><\/div>\n<div class=\"owl-item\" style=\"width: 170px; margin-right: 15px;\"><img decoding=\"async\" class=\"img-fluid\" src=\"\/wp-content\/uploads\/05-international-chirp.png\" alt=\"Chirp\"><\/div>\n<div class=\"owl-item\" style=\"width: 170px; margin-right: 15px;\"><img decoding=\"async\" class=\"img-fluid\" src=\"\/wp-content\/uploads\/06-international-tierfreund.png\" alt=\"Tierfreund\"><\/div>\n<div class=\"owl-item\" style=\"width: 170px; margin-right: 15px;\"><img decoding=\"async\" class=\"img-fluid\" src=\"\/wp-content\/uploads\/07-international-stafette.png\" alt=\"Stafette\"><\/div>\n<div class=\"owl-item\" style=\"width: 170px; margin-right: 15px;\"><img decoding=\"async\" class=\"img-fluid\" src=\"\/wp-content\/uploads\/10-international-curium.png\" alt=\"Curium\"><\/div>\n<div class=\"owl-item\" style=\"width: 170px; margin-right: 15px;\"><img decoding=\"async\" class=\"img-fluid\" src=\"\/wp-content\/uploads\/11-international-debrouillards.png\" alt=\"D\u00e9brouillards\"><\/div>\n<div class=\"owl-item\" style=\"width: 170px; margin-right: 15px;\"><img decoding=\"async\" class=\"img-fluid\" src=\"\/wp-content\/uploads\/12-international-explorateurs.png\" alt=\"Les explorateurs\"><\/div>\n<div class=\"owl-item\" style=\"width: 170px; margin-right: 15px;\"><img decoding=\"async\" class=\"img-fluid\" src=\"\/wp-content\/uploads\/13-international-caracola.png\" alt=\"Caracola\"><\/div>\n<div class=\"owl-item\" style=\"width: 170px; margin-right: 15px;\"><img decoding=\"async\" class=\"img-fluid\" src=\"\/wp-content\/uploads\/14-international-leoleo.png\" alt=\"Leo Leo\"><\/div>\n<div class=\"owl-item\" style=\"width: 170px; margin-right: 15px;\"><img decoding=\"async\" class=\"img-fluid\" src=\"\/wp-content\/uploads\/15-international-popi.png\" alt=\"Popi\"><\/div>\n<div class=\"owl-item\" style=\"width: 170px; margin-right: 15px;\"><img decoding=\"async\" class=\"img-fluid\" src=\"\/wp-content\/uploads\/16-international-reportero-doc.png\" alt=\"Reportero Doc\"><\/div>\n<div class=\"owl-item\" style=\"width: 170px; margin-right: 15px;\"><img decoding=\"async\" class=\"img-fluid\" src=\"\/wp-content\/uploads\/17-international-little-red-panda.png\" alt=\"Little Red Panda\"><\/div>\n<div class=\"owl-item\" style=\"width: 170px; margin-right: 15px;\"><img decoding=\"async\" class=\"img-fluid\" src=\"\/wp-content\/uploads\/18-international-olli-und-molli.png\" alt=\"Olli und Molli\"><\/div>\n<\/div>\n<\/div>\n<\/div>\n<\/div>\n<div class=\"owl-nav\" style=\"z-index: 1500; width: 3rem; position: absolute; right: 0; top: 50%;\"><button class=\"owl-prev\" role=\"presentation\" type=\"button\"><\/button><br \/>\n<button class=\"owl-next\" role=\"presentation\" type=\"button\"><\/button><\/div>\n<\/div>\n<p><!-- fin carousel Presse Internationale --><\/p>\n<p><!-- Fin presses --><\/p>\n","protected":false},"excerpt":{"rendered":"<p>Presse quotidienne Presse magazine Presse jeunesse International Presse quotidienne Le quotidien La Croix La Croix, quotidien national depuis 1883, propose une actualit\u00e9 qui conjugue information et convictions, une actualit\u00e9 qui ne d\u00e9sesp\u00e8re ni des hommes ni des \u00e9v\u00e9nements. La Croix, c\u2019est toute l\u2019actualit\u00e9 du monde d\u00e9clin\u00e9e en 5 grandes rubriques (France \u2013 Monde \u2013 \u00c9conomie \u2013 Religion \u2013 Culture). La Croix, c\u2019est aussi un site Web et une appli aux contenus enrichis pour une actualit\u00e9 mise \u00e0 jour au fil de la journ\u00e9e et mise en lumi\u00e8re avec des formats multim\u00e9dias : infographies, vid\u00e9os, podcasts&#8230; La Croix, c\u2019est encore : [&#8230;]<\/p>\n<p><a class=\"btn btn-secondary understrap-read-more-link\" href=\"https:\/\/www.groupebayard.com\/fr\/explorer-nos-activites\/presse\/\">Lire la suite&#8230;<\/a><\/p>\n","protected":false},"author":4,"featured_media":150043,"parent":261,"menu_order":1,"comment_status":"closed","ping_status":"closed","template":"","meta":[],"acf":[],"_links":{"self":[{"href":"https:\/\/www.groupebayard.com\/fr\/wp-json\/wp\/v2\/pages\/555"}],"collection":[{"href":"https:\/\/www.groupebayard.com\/fr\/wp-json\/wp\/v2\/pages"}],"about":[{"href":"https:\/\/www.groupebayard.com\/fr\/wp-json\/wp\/v2\/types\/page"}],"author":[{"embeddable":true,"href":"https:\/\/www.groupebayard.com\/fr\/wp-json\/wp\/v2\/users\/4"}],"replies":[{"embeddable":true,"href":"https:\/\/www.groupebayard.com\/fr\/wp-json\/wp\/v2\/comments?post=555"}],"version-history":[{"count":163,"href":"https:\/\/www.groupebayard.com\/fr\/wp-json\/wp\/v2\/pages\/555\/revisions"}],"predecessor-version":[{"id":150507,"href":"https:\/\/www.groupebayard.com\/fr\/wp-json\/wp\/v2\/pages\/555\/revisions\/150507"}],"up":[{"embeddable":true,"href":"https:\/\/www.groupebayard.com\/fr\/wp-json\/wp\/v2\/pages\/261"}],"wp:featuredmedia":[{"embeddable":true,"href":"https:\/\/www.groupebayard.com\/fr\/wp-json\/wp\/v2\/media\/150043"}],"wp:attachment":[{"href":"https:\/\/www.groupebayard.com\/fr\/wp-json\/wp\/v2\/media?parent=555"}],"curies":[{"name":"wp","href":"https:\/\/api.w.org\/{rel}","templated":true}]}}