{"id":2806,"date":"2018-12-15T14:19:45","date_gmt":"2018-12-15T13:19:45","guid":{"rendered":"https:\/\/www.groupebayard.com\/credits\/"},"modified":"2019-11-26T16:53:23","modified_gmt":"2019-11-26T15:53:23","slug":"credits","status":"publish","type":"page","link":"https:\/\/www.groupebayard.com\/en\/credits\/","title":{"rendered":"Credits"},"content":{"rendered":"<div class=\"titre-article\"><h4 class=\"text-info mb-0\">Design\/Artistic direction :<\/h4><span class=\"ligne30\"><\/span><\/div>\n<p class=\"texte\">Pascal Antoinet &#8211; <a href=\"http:\/\/www.pascal-antoinet.com\">www.pascal-antoinet.com<\/a><\/p>\n<div class=\"titre-article\"><h4 class=\"text-info mb-0\">Website designer :<\/h4><span class=\"ligne30\"><\/span><\/div>\n<p>Conceptim\u00e9dia &#8211; Corinne Paumier <a href=\"http:\/\/www.conceptimedia.fr\">www.conceptimedia.fr<\/a><\/p>\n<div class=\"titre-article\"><h4 class=\"text-info mb-0\">Hosting :<\/h4><span class=\"ligne30\"><\/span><\/div>\n<p>OVH SAS au capital de 10 069 020 \u20ac<br \/>\nRCS Lille M\u00e9tropole 424 761 419 00045<br \/>\nCode APE 2620Z<br \/>\nN\u00b0 TVA : FR 22 424 761 419<br \/>\nSi\u00e8ge social : 2 rue Kellermann &#8211; 59100 Roubaix &#8211; France<br \/>\nT\u00e9l\u00e9phone : +33 9 72 10 10 07<\/p>\n<div class=\"titre-article\"><h4 class=\"text-info mb-0\">Credits (images) :<\/h4><span class=\"ligne30\"><\/span><\/div>\n<p>&nbsp;<\/p>\n<ul>\n<li>Andrew Buchanan (<a href=\"https:\/\/unsplash.com\/\" target=\"_blank\" rel=\"noopener noreferrer\">Unsplash<\/a>) &#8211; groupebayard.com\/mentions &amp; \/conditions-d-utilisation &amp; \/credits &amp; \/politique-de-confidentialite\/ &amp; \/plan-du-site\/<\/li>\n<li>Alexis Brown (<a href=\"https:\/\/unsplash.com\/\" target=\"_blank\" rel=\"noopener noreferrer\">Unsplash<\/a>) &#8211; groupebayard.com\/explorer-nos-activites\/edition\/<\/li>\n<li>Robert Bye (<a href=\"https:\/\/unsplash.com\/\" target=\"_blank\" rel=\"noopener noreferrer\">Unspash<\/a>) &#8211; groupebayard.com\/fr\/decouvrir-bayard\/communiques\/<\/li>\n<li>Bertrand Desprez (Agence VU)&nbsp; &#8211; groupebayard.com et groupebayard.com\/explorer-nos-activites\/presse\/<\/li>\n<li>Maia Flore (Agence VU) &#8211; groupebayard.com\/fr\/decouvrir-bayard\/notre-organisation\/<\/li>\n<li>Ashkan Forouzani (<a href=\"https:\/\/unsplash.com\/\" target=\"_blank\" rel=\"noopener noreferrer\">Unsplash<\/a>) &#8211; groupebayard.com\/fr\/rejoindre-bayard\/travailler-chez-bayard\/<\/li>\n<li>Ryoji Iwata (<a href=\"https:\/\/unsplash.com\/\" target=\"_blank\" rel=\"noopener noreferrer\">Unsplash<\/a>) &#8211; groupebayard.com\/fr\/decouvrir-bayard\/rapports-de-gestion-rse\/<\/li>\n<li>Suad Kamardeen (<a href=\"https:\/\/unsplash.com\/\" target=\"_blank\" rel=\"noopener noreferrer\">Unsplash<\/a>) &#8211; groupebayard.com\/fr\/explorer-nos-activites\/btob\/<\/li>\n<li>Edi Libedinsky (<a href=\"https:\/\/unsplash.com\/\" target=\"_blank\" rel=\"noopener noreferrer\">Unsplash<\/a>) &#8211; groupebayard.com\/fr\/contact\/<\/li>\n<li>Annie Spratt (<a href=\"https:\/\/unsplash.com\/\" target=\"_blank\" rel=\"noopener noreferrer\">Unsplash<\/a>) &#8211; groupebayard.com\/fr\/decouvrir-bayard\/nos-implantations\/<\/li>\n<li>Ramin Talebi (<a href=\"https:\/\/unsplash.com\/\" target=\"_blank\" rel=\"noopener noreferrer\">Unsplash<\/a>) &#8211; groupebayard.com\/fr\/decouvrir-bayard\/nos-engagements\/<\/li>\n<li>Annie Theby (<a href=\"https:\/\/unsplash.com\/\" target=\"_blank\" rel=\"noopener noreferrer\">Unsplash<\/a>) &#8211; groupebayard.com\/fr\/explorer-nos-activites\/evenements\/<\/li>\n<li>WIN-Initiave (Getty) &#8211; groupebayard.com<\/li>\n<li>Michael Zumstein (Agence VU) &#8211; groupebayard.com<\/li>\n<\/ul>\n<div class=\"titre-article\"><h4 class=\"text-info mb-0\">Illustrations :<\/h4><span class=\"ligne30\"><\/span><\/div>\n<ul>\n<li>Serge Bloch &#8211; groupebayard.com\/fr\/explorer-nos-activites\/audiovisuel\/<\/li>\n<li>Emmanuel Guibert et Marc Boutavant &#8211; groupebayard.com\/fr\/explorer-nos-activites\/audiovisuel\/<\/li>\n<\/ul>\n<p>&nbsp;<\/p>\n","protected":false},"excerpt":{"rendered":"<p>Pascal Antoinet &#8211; www.pascal-antoinet.com Conceptim\u00e9dia &#8211; Corinne Paumier www.conceptimedia.fr OVH SAS au capital de 10 069 020 \u20ac RCS Lille M\u00e9tropole 424 761 419 00045 Code APE 2620Z N\u00b0 TVA : FR 22 424 761 419 Si\u00e8ge social : 2 rue Kellermann &#8211; 59100 Roubaix &#8211; France T\u00e9l\u00e9phone : +33 9 72 10 10 07 &nbsp; Andrew Buchanan (Unsplash) &#8211; groupebayard.com\/mentions &amp; \/conditions-d-utilisation &amp; \/credits &amp; \/politique-de-confidentialite\/ &amp; \/plan-du-site\/ Alexis Brown (Unsplash) &#8211; groupebayard.com\/explorer-nos-activites\/edition\/ Robert Bye (Unspash) &#8211; groupebayard.com\/fr\/decouvrir-bayard\/communiques\/ Bertrand Desprez (Agence VU)&nbsp; &#8211; groupebayard.com et groupebayard.com\/explorer-nos-activites\/presse\/ Maia Flore (Agence VU) &#8211; groupebayard.com\/fr\/decouvrir-bayard\/notre-organisation\/ Ashkan Forouzani (Unsplash) &#8211; groupebayard.com\/fr\/rejoindre-bayard\/travailler-chez-bayard\/ Ryoji Iwata [&#8230;]<\/p>\n<p><a class=\"btn btn-secondary understrap-read-more-link\" href=\"https:\/\/www.groupebayard.com\/en\/credits\/\">Read More&#8230;<\/a><\/p>\n","protected":false},"author":4,"featured_media":2104,"parent":0,"menu_order":0,"comment_status":"closed","ping_status":"closed","template":"","meta":[],"acf":[],"_links":{"self":[{"href":"https:\/\/www.groupebayard.com\/en\/wp-json\/wp\/v2\/pages\/2806"}],"collection":[{"href":"https:\/\/www.groupebayard.com\/en\/wp-json\/wp\/v2\/pages"}],"about":[{"href":"https:\/\/www.groupebayard.com\/en\/wp-json\/wp\/v2\/types\/page"}],"author":[{"embeddable":true,"href":"https:\/\/www.groupebayard.com\/en\/wp-json\/wp\/v2\/users\/4"}],"replies":[{"embeddable":true,"href":"https:\/\/www.groupebayard.com\/en\/wp-json\/wp\/v2\/comments?post=2806"}],"version-history":[{"count":1,"href":"https:\/\/www.groupebayard.com\/en\/wp-json\/wp\/v2\/pages\/2806\/revisions"}],"predecessor-version":[{"id":2988,"href":"https:\/\/www.groupebayard.com\/en\/wp-json\/wp\/v2\/pages\/2806\/revisions\/2988"}],"wp:featuredmedia":[{"embeddable":true,"href":"https:\/\/www.groupebayard.com\/en\/wp-json\/wp\/v2\/media\/2104"}],"wp:attachment":[{"href":"https:\/\/www.groupebayard.com\/en\/wp-json\/wp\/v2\/media?parent=2806"}],"curies":[{"name":"wp","href":"https:\/\/api.w.org\/{rel}","templated":true}]}}